{"id":131,"date":"2023-01-23T12:21:52","date_gmt":"2023-01-23T12:21:52","guid":{"rendered":"https:\/\/www.moderaternaskelleftea.se\/?page_id=131"},"modified":"2024-01-30T21:02:25","modified_gmt":"2024-01-30T21:02:25","slug":"bli-medlem","status":"publish","type":"page","link":"https:\/\/www.moderaternaskelleftea.se\/?page_id=131","title":{"rendered":"Bli medlem"},"content":{"rendered":"\t\t<div data-elementor-type=\"wp-page\" data-elementor-id=\"131\" class=\"elementor elementor-131\">\n\t\t\t\t\t\t<section class=\"elementor-section elementor-top-section elementor-element elementor-element-oachri6 elementor-section-content-middle elementor-section-boxed elementor-section-height-default elementor-section-height-default\" data-id=\"oachri6\" data-element_type=\"section\" data-settings=\"{&quot;background_background&quot;:&quot;classic&quot;}\">\n\t\t\t\t\t\t<div class=\"elementor-container elementor-column-gap-default\">\n\t\t\t\t\t<div class=\"elementor-column elementor-col-50 elementor-top-column elementor-element elementor-element-eb6d476\" data-id=\"eb6d476\" data-element_type=\"column\">\n\t\t\t<div class=\"elementor-widget-wrap elementor-element-populated\">\n\t\t\t\t\t\t<div class=\"elementor-element elementor-element-c2992c0 elementor-widget elementor-widget-image\" data-id=\"c2992c0\" data-element_type=\"widget\" data-widget_type=\"image.default\">\n\t\t\t\t<div class=\"elementor-widget-container\">\n\t\t\t<style>\/*! elementor - v3.19.0 - 29-01-2024 *\/\n.elementor-widget-image{text-align:center}.elementor-widget-image a{display:inline-block}.elementor-widget-image a img[src$=\".svg\"]{width:48px}.elementor-widget-image img{vertical-align:middle;display:inline-block}<\/style>\t\t\t\t\t\t\t\t\t\t<img fetchpriority=\"high\" decoding=\"async\" width=\"1440\" height=\"1800\" src=\"https:\/\/www.moderaternaskelleftea.se\/wp-content\/uploads\/2024\/01\/Ulf.jpg\" class=\"attachment-full size-full wp-image-497\" alt=\"\" srcset=\"https:\/\/www.moderaternaskelleftea.se\/wp-content\/uploads\/2024\/01\/Ulf.jpg 1440w, https:\/\/www.moderaternaskelleftea.se\/wp-content\/uploads\/2024\/01\/Ulf-240x300.jpg 240w, https:\/\/www.moderaternaskelleftea.se\/wp-content\/uploads\/2024\/01\/Ulf-819x1024.jpg 819w, https:\/\/www.moderaternaskelleftea.se\/wp-content\/uploads\/2024\/01\/Ulf-768x960.jpg 768w, https:\/\/www.moderaternaskelleftea.se\/wp-content\/uploads\/2024\/01\/Ulf-1229x1536.jpg 1229w\" sizes=\"(max-width: 1440px) 100vw, 1440px\" \/>\t\t\t\t\t\t\t\t\t\t\t\t\t<\/div>\n\t\t\t\t<\/div>\n\t\t\t\t<div class=\"elementor-element elementor-element-5e993af elementor-widget elementor-widget-text-editor\" data-id=\"5e993af\" data-element_type=\"widget\" data-widget_type=\"text-editor.default\">\n\t\t\t\t<div class=\"elementor-widget-container\">\n\t\t\t<style>\/*! elementor - v3.19.0 - 29-01-2024 *\/\n.elementor-widget-text-editor.elementor-drop-cap-view-stacked .elementor-drop-cap{background-color:#69727d;color:#fff}.elementor-widget-text-editor.elementor-drop-cap-view-framed .elementor-drop-cap{color:#69727d;border:3px solid;background-color:transparent}.elementor-widget-text-editor:not(.elementor-drop-cap-view-default) .elementor-drop-cap{margin-top:8px}.elementor-widget-text-editor:not(.elementor-drop-cap-view-default) .elementor-drop-cap-letter{width:1em;height:1em}.elementor-widget-text-editor .elementor-drop-cap{float:left;text-align:center;line-height:1;font-size:50px}.elementor-widget-text-editor .elementor-drop-cap-letter{display:inline-block}<\/style>\t\t\t\t<h2 style=\"text-align: center;\"><b>Ulf Kristersson (M)<\/b><\/h2><p style=\"text-align: center;\">Moderaternas partiledare och<\/p><p style=\"text-align: center;\">Sveriges statsminister<\/p>\t\t\t\t\t\t<\/div>\n\t\t\t\t<\/div>\n\t\t\t\t\t<\/div>\n\t\t<\/div>\n\t\t\t\t<div class=\"elementor-column elementor-col-50 elementor-top-column elementor-element elementor-element-95405bc\" data-id=\"95405bc\" data-element_type=\"column\">\n\t\t\t<div class=\"elementor-widget-wrap elementor-element-populated\">\n\t\t\t\t\t\t<div class=\"elementor-element elementor-element-92afdd3 elementor-vertical-align-top elementor-widget elementor-widget-icon-box\" data-id=\"92afdd3\" data-element_type=\"widget\" data-widget_type=\"icon-box.default\">\n\t\t\t\t<div class=\"elementor-widget-container\">\n\t\t\t<link rel=\"stylesheet\" href=\"https:\/\/www.moderaternaskelleftea.se\/wp-content\/plugins\/elementor\/assets\/css\/widget-icon-box.min.css\">\t\t<div class=\"elementor-icon-box-wrapper\">\n\t\t\t\t\t\t<div class=\"elementor-icon-box-content\">\n\t\t\t\t<h3 class=\"elementor-icon-box-title\">\n\t\t\t\t\t<span  >\n\t\t\t\t\t\tBli medlem!\t\t\t\t\t<\/span>\n\t\t\t\t<\/h3>\n\t\t\t\t\t\t\t\t\t<p class=\"elementor-icon-box-description\">\n\t\t\t\t\t\tV\u00e4lkommen som medlem i Moderaterna eller Moderata Ungdomsf\u00f6rbundet\nV\u00e5ra medlemmars engagemang \u00e4r v\u00e5r styrka!\t\t\t\t\t<\/p>\n\t\t\t\t\t\t\t<\/div>\n\t\t<\/div>\n\t\t\t\t<\/div>\n\t\t\t\t<\/div>\n\t\t\t\t<div class=\"elementor-element elementor-element-a3a6311 elementor-align-left elementor-widget-tablet__width-inherit elementor-widget elementor-widget-button\" data-id=\"a3a6311\" data-element_type=\"widget\" data-widget_type=\"button.default\">\n\t\t\t\t<div class=\"elementor-widget-container\">\n\t\t\t\t\t<div class=\"elementor-button-wrapper\">\n\t\t\t<a class=\"elementor-button elementor-button-link elementor-size-xl\" href=\"https:\/\/moderaterna.membersite.se\/Membership\/BuyMembershipGetSparData\">\n\t\t\t\t\t\t<span class=\"elementor-button-content-wrapper\">\n\t\t\t\t\t\t<span class=\"elementor-button-text\">Klicka h\u00e4r<\/span>\n\t\t<\/span>\n\t\t\t\t\t<\/a>\n\t\t<\/div>\n\t\t\t\t<\/div>\n\t\t\t\t<\/div>\n\t\t\t\t\t<\/div>\n\t\t<\/div>\n\t\t\t\t\t<\/div>\n\t\t<\/section>\n\t\t\t\t<\/div>\n\t\t","protected":false},"excerpt":{"rendered":"<p>Ulf Kristersson (M) Moderaternas partiledare och Sveriges statsminister Bli medlem! V\u00e4lkommen som medlem i Moderaterna eller Moderata Ungdomsf\u00f6rbundet V\u00e5ra medlemmars engagemang \u00e4r v\u00e5r styrka! Klicka h\u00e4r<\/p>\n","protected":false},"author":1,"featured_media":0,"parent":0,"menu_order":0,"comment_status":"closed","ping_status":"closed","template":"","meta":{"site-sidebar-layout":"default","site-content-layout":"default","ast-global-header-display":"","ast-main-header-display":"","ast-hfb-above-header-display":"","ast-hfb-below-header-display":"","ast-hfb-mobile-header-display":"","site-post-title":"disabled","ast-breadcrumbs-content":"","ast-featured-img":"","footer-sml-layout":"","theme-transparent-header-meta":"","adv-header-id-meta":"","stick-header-meta":"","header-above-stick-meta":"","header-main-stick-meta":"","header-below-stick-meta":"","footnotes":""},"class_list":["post-131","page","type-page","status-publish","hentry"],"yoast_head":"<!-- This site is optimized with the Yoast SEO plugin v21.9.1 - https:\/\/yoast.com\/wordpress\/plugins\/seo\/ -->\n<title>Bli medlem - Moderaterna i Skellefte\u00e5<\/title>\n<meta name=\"robots\" content=\"index, follow, max-snippet:-1, max-image-preview:large, max-video-preview:-1\" \/>\n<link rel=\"canonical\" href=\"https:\/\/www.moderaternaskelleftea.se\/?page_id=131\" \/>\n<meta property=\"og:locale\" content=\"sv_SE\" \/>\n<meta property=\"og:type\" content=\"article\" \/>\n<meta property=\"og:title\" content=\"Bli medlem - Moderaterna i Skellefte\u00e5\" \/>\n<meta property=\"og:description\" content=\"Ulf Kristersson (M) Moderaternas partiledare och Sveriges statsminister Bli medlem! V\u00e4lkommen som medlem i Moderaterna eller Moderata Ungdomsf\u00f6rbundet V\u00e5ra medlemmars engagemang \u00e4r v\u00e5r styrka! Klicka h\u00e4r\" \/>\n<meta property=\"og:url\" content=\"https:\/\/www.moderaternaskelleftea.se\/?page_id=131\" \/>\n<meta property=\"og:site_name\" content=\"Moderaterna i Skellefte\u00e5\" \/>\n<meta property=\"article:modified_time\" content=\"2024-01-30T21:02:25+00:00\" \/>\n<meta property=\"og:image\" content=\"https:\/\/www.moderaternaskelleftea.se\/wp-content\/uploads\/2024\/01\/Ulf.jpg\" \/>\n<meta name=\"twitter:card\" content=\"summary_large_image\" \/>\n<meta name=\"twitter:label1\" content=\"Ber\u00e4knad l\u00e4stid\" \/>\n\t<meta name=\"twitter:data1\" content=\"1 minut\" \/>\n<script type=\"application\/ld+json\" class=\"yoast-schema-graph\">{\"@context\":\"https:\/\/schema.org\",\"@graph\":[{\"@type\":\"WebPage\",\"@id\":\"https:\/\/www.moderaternaskelleftea.se\/?page_id=131\",\"url\":\"https:\/\/www.moderaternaskelleftea.se\/?page_id=131\",\"name\":\"Bli medlem - Moderaterna i Skellefte\u00e5\",\"isPartOf\":{\"@id\":\"https:\/\/www.moderaternaskelleftea.se\/#website\"},\"datePublished\":\"2023-01-23T12:21:52+00:00\",\"dateModified\":\"2024-01-30T21:02:25+00:00\",\"breadcrumb\":{\"@id\":\"https:\/\/www.moderaternaskelleftea.se\/?page_id=131#breadcrumb\"},\"inLanguage\":\"sv-SE\",\"potentialAction\":[{\"@type\":\"ReadAction\",\"target\":[\"https:\/\/www.moderaternaskelleftea.se\/?page_id=131\"]}]},{\"@type\":\"BreadcrumbList\",\"@id\":\"https:\/\/www.moderaternaskelleftea.se\/?page_id=131#breadcrumb\",\"itemListElement\":[{\"@type\":\"ListItem\",\"position\":1,\"name\":\"Hem\",\"item\":\"https:\/\/www.moderaternaskelleftea.se\/\"},{\"@type\":\"ListItem\",\"position\":2,\"name\":\"Bli medlem\"}]},{\"@type\":\"WebSite\",\"@id\":\"https:\/\/www.moderaternaskelleftea.se\/#website\",\"url\":\"https:\/\/www.moderaternaskelleftea.se\/\",\"name\":\"Moderaterna i Skellefte\u00e5\",\"description\":\"V\u00e4lkommen till Moderaterna i Skellefte\u00e5\",\"potentialAction\":[{\"@type\":\"SearchAction\",\"target\":{\"@type\":\"EntryPoint\",\"urlTemplate\":\"https:\/\/www.moderaternaskelleftea.se\/?s={search_term_string}\"},\"query-input\":\"required name=search_term_string\"}],\"inLanguage\":\"sv-SE\"}]}<\/script>\n<!-- \/ Yoast SEO plugin. -->","yoast_head_json":{"title":"Bli medlem - Moderaterna i Skellefte\u00e5","robots":{"index":"index","follow":"follow","max-snippet":"max-snippet:-1","max-image-preview":"max-image-preview:large","max-video-preview":"max-video-preview:-1"},"canonical":"https:\/\/www.moderaternaskelleftea.se\/?page_id=131","og_locale":"sv_SE","og_type":"article","og_title":"Bli medlem - Moderaterna i Skellefte\u00e5","og_description":"Ulf Kristersson (M) Moderaternas partiledare och Sveriges statsminister Bli medlem! V\u00e4lkommen som medlem i Moderaterna eller Moderata Ungdomsf\u00f6rbundet V\u00e5ra medlemmars engagemang \u00e4r v\u00e5r styrka! Klicka h\u00e4r","og_url":"https:\/\/www.moderaternaskelleftea.se\/?page_id=131","og_site_name":"Moderaterna i Skellefte\u00e5","article_modified_time":"2024-01-30T21:02:25+00:00","og_image":[{"url":"https:\/\/www.moderaternaskelleftea.se\/wp-content\/uploads\/2024\/01\/Ulf.jpg"}],"twitter_card":"summary_large_image","twitter_misc":{"Ber\u00e4knad l\u00e4stid":"1 minut"},"schema":{"@context":"https:\/\/schema.org","@graph":[{"@type":"WebPage","@id":"https:\/\/www.moderaternaskelleftea.se\/?page_id=131","url":"https:\/\/www.moderaternaskelleftea.se\/?page_id=131","name":"Bli medlem - Moderaterna i Skellefte\u00e5","isPartOf":{"@id":"https:\/\/www.moderaternaskelleftea.se\/#website"},"datePublished":"2023-01-23T12:21:52+00:00","dateModified":"2024-01-30T21:02:25+00:00","breadcrumb":{"@id":"https:\/\/www.moderaternaskelleftea.se\/?page_id=131#breadcrumb"},"inLanguage":"sv-SE","potentialAction":[{"@type":"ReadAction","target":["https:\/\/www.moderaternaskelleftea.se\/?page_id=131"]}]},{"@type":"BreadcrumbList","@id":"https:\/\/www.moderaternaskelleftea.se\/?page_id=131#breadcrumb","itemListElement":[{"@type":"ListItem","position":1,"name":"Hem","item":"https:\/\/www.moderaternaskelleftea.se\/"},{"@type":"ListItem","position":2,"name":"Bli medlem"}]},{"@type":"WebSite","@id":"https:\/\/www.moderaternaskelleftea.se\/#website","url":"https:\/\/www.moderaternaskelleftea.se\/","name":"Moderaterna i Skellefte\u00e5","description":"V\u00e4lkommen till Moderaterna i Skellefte\u00e5","potentialAction":[{"@type":"SearchAction","target":{"@type":"EntryPoint","urlTemplate":"https:\/\/www.moderaternaskelleftea.se\/?s={search_term_string}"},"query-input":"required name=search_term_string"}],"inLanguage":"sv-SE"}]}},"_links":{"self":[{"href":"https:\/\/www.moderaternaskelleftea.se\/index.php?rest_route=\/wp\/v2\/pages\/131","targetHints":{"allow":["GET"]}}],"collection":[{"href":"https:\/\/www.moderaternaskelleftea.se\/index.php?rest_route=\/wp\/v2\/pages"}],"about":[{"href":"https:\/\/www.moderaternaskelleftea.se\/index.php?rest_route=\/wp\/v2\/types\/page"}],"author":[{"embeddable":true,"href":"https:\/\/www.moderaternaskelleftea.se\/index.php?rest_route=\/wp\/v2\/users\/1"}],"replies":[{"embeddable":true,"href":"https:\/\/www.moderaternaskelleftea.se\/index.php?rest_route=%2Fwp%2Fv2%2Fcomments&post=131"}],"version-history":[{"count":29,"href":"https:\/\/www.moderaternaskelleftea.se\/index.php?rest_route=\/wp\/v2\/pages\/131\/revisions"}],"predecessor-version":[{"id":512,"href":"https:\/\/www.moderaternaskelleftea.se\/index.php?rest_route=\/wp\/v2\/pages\/131\/revisions\/512"}],"wp:attachment":[{"href":"https:\/\/www.moderaternaskelleftea.se\/index.php?rest_route=%2Fwp%2Fv2%2Fmedia&parent=131"}],"curies":[{"name":"wp","href":"https:\/\/api.w.org\/{rel}","templated":true}]}}