{"id":391,"date":"2023-03-15T20:02:45","date_gmt":"2023-03-15T20:02:45","guid":{"rendered":"https:\/\/www.moderaternaskelleftea.se\/?page_id=391"},"modified":"2024-01-31T19:41:03","modified_gmt":"2024-01-31T19:41:03","slug":"partiforening","status":"publish","type":"page","link":"https:\/\/www.moderaternaskelleftea.se\/?page_id=391","title":{"rendered":"Partif\u00f6rening"},"content":{"rendered":"\t\t<div data-elementor-type=\"wp-page\" data-elementor-id=\"391\" class=\"elementor elementor-391\">\n\t\t\t\t\t\t<section class=\"elementor-section elementor-top-section elementor-element elementor-element-3l08k8c elementor-section-boxed elementor-section-height-default elementor-section-height-default\" data-id=\"3l08k8c\" data-element_type=\"section\">\n\t\t\t\t\t\t<div class=\"elementor-container elementor-column-gap-default\">\n\t\t\t\t\t<div class=\"elementor-column elementor-col-100 elementor-top-column elementor-element elementor-element-e43d330\" data-id=\"e43d330\" data-element_type=\"column\">\n\t\t\t<div class=\"elementor-widget-wrap elementor-element-populated\">\n\t\t\t\t\t\t<section class=\"elementor-section elementor-inner-section elementor-element elementor-element-9ba98da elementor-section-boxed elementor-section-height-default elementor-section-height-default\" data-id=\"9ba98da\" data-element_type=\"section\">\n\t\t\t\t\t\t<div class=\"elementor-container elementor-column-gap-default\">\n\t\t\t\t\t<div class=\"elementor-column elementor-col-50 elementor-inner-column elementor-element elementor-element-f943a10\" data-id=\"f943a10\" data-element_type=\"column\">\n\t\t\t<div class=\"elementor-widget-wrap elementor-element-populated\">\n\t\t\t\t\t\t<div class=\"elementor-element elementor-element-0a789b5 elementor-widget elementor-widget-text-editor\" data-id=\"0a789b5\" data-element_type=\"widget\" data-widget_type=\"text-editor.default\">\n\t\t\t\t<div class=\"elementor-widget-container\">\n\t\t\t<style>\/*! elementor - v3.19.0 - 29-01-2024 *\/\n.elementor-widget-text-editor.elementor-drop-cap-view-stacked .elementor-drop-cap{background-color:#69727d;color:#fff}.elementor-widget-text-editor.elementor-drop-cap-view-framed .elementor-drop-cap{color:#69727d;border:3px solid;background-color:transparent}.elementor-widget-text-editor:not(.elementor-drop-cap-view-default) .elementor-drop-cap{margin-top:8px}.elementor-widget-text-editor:not(.elementor-drop-cap-view-default) .elementor-drop-cap-letter{width:1em;height:1em}.elementor-widget-text-editor .elementor-drop-cap{float:left;text-align:center;line-height:1;font-size:50px}.elementor-widget-text-editor .elementor-drop-cap-letter{display:inline-block}<\/style>\t\t\t\t<h5><b>Skellefte\u00e5 Moderata f\u00f6rening<\/b><\/h5><p>Skellefte\u00e5 Moderata f\u00f6rening samlar moderata medlemmar inom Skellefte\u00e5 kommun. F\u00f6reningen ansvarar f\u00f6r partiets lokala aktiviteter, s\u00e5som kampanjer, sociala aktiviteter, talarkv\u00e4llar, utbildningar och studiebes\u00f6k.<\/p><p>Styrelsen best\u00e5r verksamhets\u00e5ret 2023 av:<\/p><ul><li>Micaela L\u00f6wenh\u00f6\u00f6k \u2013 ordf\u00f6rande<\/li><li>Kaisa Edstr\u00f6m \u2013 vice ordf\u00f6rande och MUF-representant<\/li><li>Stefan Anundi- ledamot<\/li><li>Johan S\u00f6derberg \u2013 ledamot (Kass\u00f6r)<\/li><li>Viktoria Sundin- ledamot<\/li><li>Andreas L\u00f6wenh\u00f6\u00f6k- ledamot och gruppledare<\/li><\/ul><div>Ta g\u00e4rna kontakt med f\u00f6reningen:<\/div><div><p><a href=\"mailto:moderaternaiskelleftea@gmail.com\">moderaternaiskelleftea@gmail.com<\/a><\/p><\/div>\t\t\t\t\t\t<\/div>\n\t\t\t\t<\/div>\n\t\t\t\t<div class=\"elementor-element elementor-element-555b8e4 elementor-widget-divider--view-line elementor-widget elementor-widget-divider\" data-id=\"555b8e4\" data-element_type=\"widget\" data-widget_type=\"divider.default\">\n\t\t\t\t<div class=\"elementor-widget-container\">\n\t\t\t<style>\/*! elementor - v3.19.0 - 29-01-2024 *\/\n.elementor-widget-divider{--divider-border-style:none;--divider-border-width:1px;--divider-color:#0c0d0e;--divider-icon-size:20px;--divider-element-spacing:10px;--divider-pattern-height:24px;--divider-pattern-size:20px;--divider-pattern-url:none;--divider-pattern-repeat:repeat-x}.elementor-widget-divider .elementor-divider{display:flex}.elementor-widget-divider .elementor-divider__text{font-size:15px;line-height:1;max-width:95%}.elementor-widget-divider .elementor-divider__element{margin:0 var(--divider-element-spacing);flex-shrink:0}.elementor-widget-divider .elementor-icon{font-size:var(--divider-icon-size)}.elementor-widget-divider .elementor-divider-separator{display:flex;margin:0;direction:ltr}.elementor-widget-divider--view-line_icon .elementor-divider-separator,.elementor-widget-divider--view-line_text .elementor-divider-separator{align-items:center}.elementor-widget-divider--view-line_icon .elementor-divider-separator:after,.elementor-widget-divider--view-line_icon .elementor-divider-separator:before,.elementor-widget-divider--view-line_text .elementor-divider-separator:after,.elementor-widget-divider--view-line_text .elementor-divider-separator:before{display:block;content:\"\";border-block-end:0;flex-grow:1;border-block-start:var(--divider-border-width) var(--divider-border-style) var(--divider-color)}.elementor-widget-divider--element-align-left .elementor-divider .elementor-divider-separator>.elementor-divider__svg:first-of-type{flex-grow:0;flex-shrink:100}.elementor-widget-divider--element-align-left .elementor-divider-separator:before{content:none}.elementor-widget-divider--element-align-left .elementor-divider__element{margin-left:0}.elementor-widget-divider--element-align-right .elementor-divider .elementor-divider-separator>.elementor-divider__svg:last-of-type{flex-grow:0;flex-shrink:100}.elementor-widget-divider--element-align-right .elementor-divider-separator:after{content:none}.elementor-widget-divider--element-align-right .elementor-divider__element{margin-right:0}.elementor-widget-divider--element-align-start .elementor-divider .elementor-divider-separator>.elementor-divider__svg:first-of-type{flex-grow:0;flex-shrink:100}.elementor-widget-divider--element-align-start .elementor-divider-separator:before{content:none}.elementor-widget-divider--element-align-start .elementor-divider__element{margin-inline-start:0}.elementor-widget-divider--element-align-end .elementor-divider .elementor-divider-separator>.elementor-divider__svg:last-of-type{flex-grow:0;flex-shrink:100}.elementor-widget-divider--element-align-end .elementor-divider-separator:after{content:none}.elementor-widget-divider--element-align-end .elementor-divider__element{margin-inline-end:0}.elementor-widget-divider:not(.elementor-widget-divider--view-line_text):not(.elementor-widget-divider--view-line_icon) .elementor-divider-separator{border-block-start:var(--divider-border-width) var(--divider-border-style) var(--divider-color)}.elementor-widget-divider--separator-type-pattern{--divider-border-style:none}.elementor-widget-divider--separator-type-pattern.elementor-widget-divider--view-line .elementor-divider-separator,.elementor-widget-divider--separator-type-pattern:not(.elementor-widget-divider--view-line) .elementor-divider-separator:after,.elementor-widget-divider--separator-type-pattern:not(.elementor-widget-divider--view-line) .elementor-divider-separator:before,.elementor-widget-divider--separator-type-pattern:not([class*=elementor-widget-divider--view]) .elementor-divider-separator{width:100%;min-height:var(--divider-pattern-height);-webkit-mask-size:var(--divider-pattern-size) 100%;mask-size:var(--divider-pattern-size) 100%;-webkit-mask-repeat:var(--divider-pattern-repeat);mask-repeat:var(--divider-pattern-repeat);background-color:var(--divider-color);-webkit-mask-image:var(--divider-pattern-url);mask-image:var(--divider-pattern-url)}.elementor-widget-divider--no-spacing{--divider-pattern-size:auto}.elementor-widget-divider--bg-round{--divider-pattern-repeat:round}.rtl .elementor-widget-divider .elementor-divider__text{direction:rtl}.e-con-inner>.elementor-widget-divider,.e-con>.elementor-widget-divider{width:var(--container-widget-width,100%);--flex-grow:var(--container-widget-flex-grow)}<\/style>\t\t<div class=\"elementor-divider\">\n\t\t\t<span class=\"elementor-divider-separator\">\n\t\t\t\t\t\t<\/span>\n\t\t<\/div>\n\t\t\t\t<\/div>\n\t\t\t\t<\/div>\n\t\t\t\t<div class=\"elementor-element elementor-element-2b41afe elementor-widget elementor-widget-text-editor\" data-id=\"2b41afe\" data-element_type=\"widget\" data-widget_type=\"text-editor.default\">\n\t\t\t\t<div class=\"elementor-widget-container\">\n\t\t\t\t\t\t\t<p><span style=\"font-weight: 700;\">Aktuella&nbsp;<\/span><span style=\"color: var(--ast-global-color-3); font-size: 1rem; font-weight: bold; background-color: var(--ast-global-color-5);\">aktiviteter:<\/span><br><\/p><p><b><a href=\"https:\/\/www.moderaternaskelleftea.se\/wp-content\/uploads\/2024\/01\/Kallelse-arsmote-M-Skelleftea-2024.pdf\">\u00c5rsm\u00f6te 2024<\/a><\/b><\/p>\n<p><b><a href=\"https:\/\/www.moderaternaskelleftea.se\/wp-content\/uploads\/2024\/01\/Moderaterna-i-Skellefteas-aktiviteter-under-varterminen-2024.pdf\">Aktiviteter under v\u00e5rterminen 2024<\/a><\/b><\/p>\n<p><\/p>\t\t\t\t\t\t<\/div>\n\t\t\t\t<\/div>\n\t\t\t\t\t<\/div>\n\t\t<\/div>\n\t\t\t\t<div class=\"elementor-column elementor-col-50 elementor-inner-column elementor-element elementor-element-2a45a08\" data-id=\"2a45a08\" data-element_type=\"column\">\n\t\t\t<div class=\"elementor-widget-wrap elementor-element-populated\">\n\t\t\t\t\t\t<div class=\"elementor-element elementor-element-a85670e elementor-widget elementor-widget-image\" data-id=\"a85670e\" data-element_type=\"widget\" data-widget_type=\"image.default\">\n\t\t\t\t<div class=\"elementor-widget-container\">\n\t\t\t<style>\/*! elementor - v3.19.0 - 29-01-2024 *\/\n.elementor-widget-image{text-align:center}.elementor-widget-image a{display:inline-block}.elementor-widget-image a img[src$=\".svg\"]{width:48px}.elementor-widget-image img{vertical-align:middle;display:inline-block}<\/style>\t\t\t\t\t\t\t\t\t\t<img fetchpriority=\"high\" decoding=\"async\" width=\"307\" height=\"411\" src=\"https:\/\/www.moderaternaskelleftea.se\/wp-content\/uploads\/2023\/01\/Micaela-e1674478100704.png\" class=\"attachment-large size-large wp-image-160\" alt=\"\" srcset=\"https:\/\/www.moderaternaskelleftea.se\/wp-content\/uploads\/2023\/01\/Micaela-e1674478100704.png 307w, https:\/\/www.moderaternaskelleftea.se\/wp-content\/uploads\/2023\/01\/Micaela-e1674478100704-224x300.png 224w\" sizes=\"(max-width: 307px) 100vw, 307px\" \/>\t\t\t\t\t\t\t\t\t\t\t\t\t<\/div>\n\t\t\t\t<\/div>\n\t\t\t\t<div class=\"elementor-element elementor-element-5d875b6 elementor-widget elementor-widget-text-editor\" data-id=\"5d875b6\" data-element_type=\"widget\" data-widget_type=\"text-editor.default\">\n\t\t\t\t<div class=\"elementor-widget-container\">\n\t\t\t\t\t\t\t<h4 style=\"text-align: center;\"><b>Micaela L\u00f6wenh\u00f6\u00f6k<\/b><\/h4><p style=\"text-align: center;\">Ordf\u00f6rande f\u00f6r Moderaterna i Skellefte\u00e5<\/p>\t\t\t\t\t\t<\/div>\n\t\t\t\t<\/div>\n\t\t\t\t\t<\/div>\n\t\t<\/div>\n\t\t\t\t\t<\/div>\n\t\t<\/section>\n\t\t\t\t\t<\/div>\n\t\t<\/div>\n\t\t\t\t\t<\/div>\n\t\t<\/section>\n\t\t\t\t<\/div>\n\t\t","protected":false},"excerpt":{"rendered":"<p>Skellefte\u00e5 Moderata f\u00f6rening Skellefte\u00e5 Moderata f\u00f6rening samlar moderata medlemmar inom Skellefte\u00e5 kommun. F\u00f6reningen ansvarar f\u00f6r partiets lokala aktiviteter, s\u00e5som kampanjer, sociala aktiviteter, talarkv\u00e4llar, utbildningar och studiebes\u00f6k. Styrelsen best\u00e5r verksamhets\u00e5ret 2023 av: Micaela L\u00f6wenh\u00f6\u00f6k \u2013 ordf\u00f6rande Kaisa Edstr\u00f6m \u2013 vice ordf\u00f6rande och MUF-representant Stefan Anundi- ledamot Johan S\u00f6derberg \u2013 ledamot (Kass\u00f6r) Viktoria Sundin- ledamot Andreas L\u00f6wenh\u00f6\u00f6k- &hellip;<\/p>\n<p class=\"read-more\"> <a class=\"\" href=\"https:\/\/www.moderaternaskelleftea.se\/?page_id=391\"> <span class=\"screen-reader-text\">Partif\u00f6rening<\/span> L\u00e4s mer &raquo;<\/a><\/p>\n","protected":false},"author":1,"featured_media":0,"parent":0,"menu_order":0,"comment_status":"closed","ping_status":"closed","template":"","meta":{"site-sidebar-layout":"no-sidebar","site-content-layout":"page-builder","ast-global-header-display":"","ast-main-header-display":"","ast-hfb-above-header-display":"","ast-hfb-below-header-display":"","ast-hfb-mobile-header-display":"","site-post-title":"disabled","ast-breadcrumbs-content":"","ast-featured-img":"disabled","footer-sml-layout":"","theme-transparent-header-meta":"","adv-header-id-meta":"","stick-header-meta":"","header-above-stick-meta":"","header-main-stick-meta":"","header-below-stick-meta":"","footnotes":""},"class_list":["post-391","page","type-page","status-publish","hentry"],"yoast_head":"<!-- This site is optimized with the Yoast SEO plugin v21.9.1 - https:\/\/yoast.com\/wordpress\/plugins\/seo\/ -->\n<title>Partif\u00f6rening - Moderaterna i Skellefte\u00e5<\/title>\n<meta name=\"robots\" content=\"index, follow, max-snippet:-1, max-image-preview:large, max-video-preview:-1\" \/>\n<link rel=\"canonical\" href=\"https:\/\/www.moderaternaskelleftea.se\/?page_id=391\" \/>\n<meta property=\"og:locale\" content=\"sv_SE\" \/>\n<meta property=\"og:type\" content=\"article\" \/>\n<meta property=\"og:title\" content=\"Partif\u00f6rening - Moderaterna i Skellefte\u00e5\" \/>\n<meta property=\"og:description\" content=\"Skellefte\u00e5 Moderata f\u00f6rening Skellefte\u00e5 Moderata f\u00f6rening samlar moderata medlemmar inom Skellefte\u00e5 kommun. F\u00f6reningen ansvarar f\u00f6r partiets lokala aktiviteter, s\u00e5som kampanjer, sociala aktiviteter, talarkv\u00e4llar, utbildningar och studiebes\u00f6k. Styrelsen best\u00e5r verksamhets\u00e5ret 2023 av: Micaela L\u00f6wenh\u00f6\u00f6k \u2013 ordf\u00f6rande Kaisa Edstr\u00f6m \u2013 vice ordf\u00f6rande och MUF-representant Stefan Anundi- ledamot Johan S\u00f6derberg \u2013 ledamot (Kass\u00f6r) Viktoria Sundin- ledamot Andreas L\u00f6wenh\u00f6\u00f6k- &hellip; Partif\u00f6rening L\u00e4s mer &raquo;\" \/>\n<meta property=\"og:url\" content=\"https:\/\/www.moderaternaskelleftea.se\/?page_id=391\" \/>\n<meta property=\"og:site_name\" content=\"Moderaterna i Skellefte\u00e5\" \/>\n<meta property=\"article:modified_time\" content=\"2024-01-31T19:41:03+00:00\" \/>\n<meta property=\"og:image\" content=\"https:\/\/www.moderaternaskelleftea.se\/wp-content\/uploads\/2023\/01\/Micaela-e1674478100704.png\" \/>\n<meta name=\"twitter:card\" content=\"summary_large_image\" \/>\n<meta name=\"twitter:label1\" content=\"Ber\u00e4knad l\u00e4stid\" \/>\n\t<meta name=\"twitter:data1\" content=\"1 minut\" \/>\n<script type=\"application\/ld+json\" class=\"yoast-schema-graph\">{\"@context\":\"https:\/\/schema.org\",\"@graph\":[{\"@type\":\"WebPage\",\"@id\":\"https:\/\/www.moderaternaskelleftea.se\/?page_id=391\",\"url\":\"https:\/\/www.moderaternaskelleftea.se\/?page_id=391\",\"name\":\"Partif\u00f6rening - Moderaterna i Skellefte\u00e5\",\"isPartOf\":{\"@id\":\"https:\/\/www.moderaternaskelleftea.se\/#website\"},\"datePublished\":\"2023-03-15T20:02:45+00:00\",\"dateModified\":\"2024-01-31T19:41:03+00:00\",\"breadcrumb\":{\"@id\":\"https:\/\/www.moderaternaskelleftea.se\/?page_id=391#breadcrumb\"},\"inLanguage\":\"sv-SE\",\"potentialAction\":[{\"@type\":\"ReadAction\",\"target\":[\"https:\/\/www.moderaternaskelleftea.se\/?page_id=391\"]}]},{\"@type\":\"BreadcrumbList\",\"@id\":\"https:\/\/www.moderaternaskelleftea.se\/?page_id=391#breadcrumb\",\"itemListElement\":[{\"@type\":\"ListItem\",\"position\":1,\"name\":\"Hem\",\"item\":\"https:\/\/www.moderaternaskelleftea.se\/\"},{\"@type\":\"ListItem\",\"position\":2,\"name\":\"Partif\u00f6rening\"}]},{\"@type\":\"WebSite\",\"@id\":\"https:\/\/www.moderaternaskelleftea.se\/#website\",\"url\":\"https:\/\/www.moderaternaskelleftea.se\/\",\"name\":\"Moderaterna i Skellefte\u00e5\",\"description\":\"V\u00e4lkommen till Moderaterna i Skellefte\u00e5\",\"potentialAction\":[{\"@type\":\"SearchAction\",\"target\":{\"@type\":\"EntryPoint\",\"urlTemplate\":\"https:\/\/www.moderaternaskelleftea.se\/?s={search_term_string}\"},\"query-input\":\"required name=search_term_string\"}],\"inLanguage\":\"sv-SE\"}]}<\/script>\n<!-- \/ Yoast SEO plugin. -->","yoast_head_json":{"title":"Partif\u00f6rening - Moderaterna i Skellefte\u00e5","robots":{"index":"index","follow":"follow","max-snippet":"max-snippet:-1","max-image-preview":"max-image-preview:large","max-video-preview":"max-video-preview:-1"},"canonical":"https:\/\/www.moderaternaskelleftea.se\/?page_id=391","og_locale":"sv_SE","og_type":"article","og_title":"Partif\u00f6rening - Moderaterna i Skellefte\u00e5","og_description":"Skellefte\u00e5 Moderata f\u00f6rening Skellefte\u00e5 Moderata f\u00f6rening samlar moderata medlemmar inom Skellefte\u00e5 kommun. F\u00f6reningen ansvarar f\u00f6r partiets lokala aktiviteter, s\u00e5som kampanjer, sociala aktiviteter, talarkv\u00e4llar, utbildningar och studiebes\u00f6k. Styrelsen best\u00e5r verksamhets\u00e5ret 2023 av: Micaela L\u00f6wenh\u00f6\u00f6k \u2013 ordf\u00f6rande Kaisa Edstr\u00f6m \u2013 vice ordf\u00f6rande och MUF-representant Stefan Anundi- ledamot Johan S\u00f6derberg \u2013 ledamot (Kass\u00f6r) Viktoria Sundin- ledamot Andreas L\u00f6wenh\u00f6\u00f6k- &hellip; Partif\u00f6rening L\u00e4s mer &raquo;","og_url":"https:\/\/www.moderaternaskelleftea.se\/?page_id=391","og_site_name":"Moderaterna i Skellefte\u00e5","article_modified_time":"2024-01-31T19:41:03+00:00","og_image":[{"url":"https:\/\/www.moderaternaskelleftea.se\/wp-content\/uploads\/2023\/01\/Micaela-e1674478100704.png"}],"twitter_card":"summary_large_image","twitter_misc":{"Ber\u00e4knad l\u00e4stid":"1 minut"},"schema":{"@context":"https:\/\/schema.org","@graph":[{"@type":"WebPage","@id":"https:\/\/www.moderaternaskelleftea.se\/?page_id=391","url":"https:\/\/www.moderaternaskelleftea.se\/?page_id=391","name":"Partif\u00f6rening - Moderaterna i Skellefte\u00e5","isPartOf":{"@id":"https:\/\/www.moderaternaskelleftea.se\/#website"},"datePublished":"2023-03-15T20:02:45+00:00","dateModified":"2024-01-31T19:41:03+00:00","breadcrumb":{"@id":"https:\/\/www.moderaternaskelleftea.se\/?page_id=391#breadcrumb"},"inLanguage":"sv-SE","potentialAction":[{"@type":"ReadAction","target":["https:\/\/www.moderaternaskelleftea.se\/?page_id=391"]}]},{"@type":"BreadcrumbList","@id":"https:\/\/www.moderaternaskelleftea.se\/?page_id=391#breadcrumb","itemListElement":[{"@type":"ListItem","position":1,"name":"Hem","item":"https:\/\/www.moderaternaskelleftea.se\/"},{"@type":"ListItem","position":2,"name":"Partif\u00f6rening"}]},{"@type":"WebSite","@id":"https:\/\/www.moderaternaskelleftea.se\/#website","url":"https:\/\/www.moderaternaskelleftea.se\/","name":"Moderaterna i Skellefte\u00e5","description":"V\u00e4lkommen till Moderaterna i Skellefte\u00e5","potentialAction":[{"@type":"SearchAction","target":{"@type":"EntryPoint","urlTemplate":"https:\/\/www.moderaternaskelleftea.se\/?s={search_term_string}"},"query-input":"required name=search_term_string"}],"inLanguage":"sv-SE"}]}},"_links":{"self":[{"href":"https:\/\/www.moderaternaskelleftea.se\/index.php?rest_route=\/wp\/v2\/pages\/391","targetHints":{"allow":["GET"]}}],"collection":[{"href":"https:\/\/www.moderaternaskelleftea.se\/index.php?rest_route=\/wp\/v2\/pages"}],"about":[{"href":"https:\/\/www.moderaternaskelleftea.se\/index.php?rest_route=\/wp\/v2\/types\/page"}],"author":[{"embeddable":true,"href":"https:\/\/www.moderaternaskelleftea.se\/index.php?rest_route=\/wp\/v2\/users\/1"}],"replies":[{"embeddable":true,"href":"https:\/\/www.moderaternaskelleftea.se\/index.php?rest_route=%2Fwp%2Fv2%2Fcomments&post=391"}],"version-history":[{"count":11,"href":"https:\/\/www.moderaternaskelleftea.se\/index.php?rest_route=\/wp\/v2\/pages\/391\/revisions"}],"predecessor-version":[{"id":628,"href":"https:\/\/www.moderaternaskelleftea.se\/index.php?rest_route=\/wp\/v2\/pages\/391\/revisions\/628"}],"wp:attachment":[{"href":"https:\/\/www.moderaternaskelleftea.se\/index.php?rest_route=%2Fwp%2Fv2%2Fmedia&parent=391"}],"curies":[{"name":"wp","href":"https:\/\/api.w.org\/{rel}","templated":true}]}}